{"id":214,"date":"2022-10-04T08:28:35","date_gmt":"2022-10-04T08:28:35","guid":{"rendered":"https:\/\/www.domspro.eu\/nieuws\/"},"modified":"2022-11-08T14:41:59","modified_gmt":"2022-11-08T14:41:59","slug":"news","status":"publish","type":"page","link":"https:\/\/www.domspro.eu\/fr\/news\/","title":{"rendered":"News"},"content":{"rendered":"\n<div class=\"block block-hero text-left  block-hero--onlyTitle  \">\n    <div class=\"block-hero__img overlay\" style=\"background-image: url(https:\/\/www.domspro.eu\/wp-content\/uploads\/2022\/10\/image-5.png)\"><\/div>\n    <div class=\"block-hero__content pt-30 pt-md-40 pt-lg-50 pb-0\">\n        <div class=\"container position-relative mt-30 mt-md-0\">\n            <div class=\"block-hero__mascot\" data-aos=\"fade-left\">\n                <img decoding=\"async\" src=\"https:\/\/www.domspro.eu\/wp-content\/themes\/ics\/build\/img\/doms-mascot.svg\">\n            <\/div>\n            <div class=\"row\">\n                <div class=\"col-10 mb-30\">\n                    \n                                    <\/div>\n            <\/div>\n            <div class=\"row\">\n                <div class=\"col-10\">\n                    <h1 class=\"block-hero__title text-white pb-0\" data-aos=\"fade-right\">News<\/h1>\n                <\/div>\n            <\/div>\n\n                    <\/div>\n    <\/div>\n<\/div>\n\n\n<section class=\"block b-news-items pt-30 pt-md-40 pt-lg-60 pt-xl-70 pb-30 pb-md-40 pb-lg-60 pb-xl-70 \">\n    <div class=\"container\">\n        \n            \n        <div class=\"row b-news-items__wrapper b-posts-grid\">\n            \n<div class=\"col-12 col-md-6 col-lg-4 mb-20 mb-md-30\">\n    <div class=\"shadow d-flex flex-column b-news-items__item\">\n                    <a class=\"min-height-1\" href=\"https:\/\/www.domspro.eu\/fr\/news\/vacances-dete-2026\/\">\n                <div class=\"overflow-hidden\">\n                    <img loading=\"lazy\" decoding=\"async\" width=\"800\" height=\"600\" src=\"https:\/\/www.domspro.eu\/wp-content\/uploads\/2026\/06\/Uitgelichte-afbeelding-nieuws-4-800x600.png\" class=\"w-100 img-fluid wp-post-image\" alt=\"&lt;?= ; ?&gt;\" srcset=\"https:\/\/www.domspro.eu\/wp-content\/uploads\/2026\/06\/Uitgelichte-afbeelding-nieuws-4-800x600.png 800w, https:\/\/www.domspro.eu\/wp-content\/uploads\/2026\/06\/Uitgelichte-afbeelding-nieuws-4-1600x1200.png 1600w, https:\/\/www.domspro.eu\/wp-content\/uploads\/2026\/06\/Uitgelichte-afbeelding-nieuws-4-400x300.png 400w\" sizes=\"auto, (max-width: 800px) 100vw, 800px\" \/>                <\/div>\n            <\/a>\n        \n        <div class=\"bg-white text-dark d-flex flex-column flex-grow-1 p-20 p-md-30\">\n\n            <h4 class=\"text-dark font-weight-bold mb-10\">\n                Vacances d&rsquo;\u00e9t\u00e9 2026            <\/h4>\n\n            <div class=\"my-10 text-secondary font-weight-bold small\">\n                <i class=\"fas fa-calendar-alt mr-1\"><\/i>\n                15\/06\/2026            <\/div>\n\n            <p>\n                                    Domspro ferme ses portes pendant les cong\u00e9s de la construction. Consultez les dates de fermeture de nos filiales.                                <a class=\"d-inline text-dark font-weight-bold\" href=\"https:\/\/www.domspro.eu\/fr\/news\/vacances-dete-2026\/\">\n                    Lire plus                <\/a>\n            <\/p>\n\n        <\/div>\n    <\/div>\n<\/div>\n<div class=\"col-12 col-md-6 col-lg-4 mb-20 mb-md-30\">\n    <div class=\"shadow d-flex flex-column b-news-items__item\">\n                    <a class=\"min-height-1\" href=\"https:\/\/www.domspro.eu\/fr\/news\/conge-de-noel-2025\/\">\n                <div class=\"overflow-hidden\">\n                    <img loading=\"lazy\" decoding=\"async\" width=\"800\" height=\"600\" src=\"https:\/\/www.domspro.eu\/wp-content\/uploads\/2025\/12\/Uitgelichte-afbeelding-nieuws-800x600.png\" class=\"w-100 img-fluid wp-post-image\" alt=\"&lt;?= ; ?&gt;\" srcset=\"https:\/\/www.domspro.eu\/wp-content\/uploads\/2025\/12\/Uitgelichte-afbeelding-nieuws-800x600.png 800w, https:\/\/www.domspro.eu\/wp-content\/uploads\/2025\/12\/Uitgelichte-afbeelding-nieuws-1600x1200.png 1600w, https:\/\/www.domspro.eu\/wp-content\/uploads\/2025\/12\/Uitgelichte-afbeelding-nieuws-400x300.png 400w\" sizes=\"auto, (max-width: 800px) 100vw, 800px\" \/>                <\/div>\n            <\/a>\n        \n        <div class=\"bg-white text-dark d-flex flex-column flex-grow-1 p-20 p-md-30\">\n\n            <h4 class=\"text-dark font-weight-bold mb-10\">\n                Cong\u00e9 de No\u00ebl 2025            <\/h4>\n\n            <div class=\"my-10 text-secondary font-weight-bold small\">\n                <i class=\"fas fa-calendar-alt mr-1\"><\/i>\n                10\/12\/2025            <\/div>\n\n            <p>\n                                    Consultez les dates de fermeture de nos filiales ici. Toute l\u2019\u00e9quipe de Domspro vous souhaite ses meilleurs v\u0153ux pour 2026 !                                <a class=\"d-inline text-dark font-weight-bold\" href=\"https:\/\/www.domspro.eu\/fr\/news\/conge-de-noel-2025\/\">\n                    Lire plus                <\/a>\n            <\/p>\n\n        <\/div>\n    <\/div>\n<\/div>\n<div class=\"col-12 col-md-6 col-lg-4 mb-20 mb-md-30\">\n    <div class=\"shadow d-flex flex-column b-news-items__item\">\n                    <a class=\"min-height-1\" href=\"https:\/\/www.domspro.eu\/fr\/news\/vacances-dete-2025\/\">\n                <div class=\"overflow-hidden\">\n                    <img loading=\"lazy\" decoding=\"async\" width=\"800\" height=\"600\" src=\"https:\/\/www.domspro.eu\/wp-content\/uploads\/2024\/05\/vignette-summer-800x600.webp\" class=\"w-100 img-fluid wp-post-image\" alt=\"&lt;?= ; ?&gt;\" srcset=\"https:\/\/www.domspro.eu\/wp-content\/uploads\/2024\/05\/vignette-summer-800x600.webp 800w, https:\/\/www.domspro.eu\/wp-content\/uploads\/2024\/05\/vignette-summer-1600x1200.webp 1600w, https:\/\/www.domspro.eu\/wp-content\/uploads\/2024\/05\/vignette-summer-400x300.webp 400w, https:\/\/www.domspro.eu\/wp-content\/uploads\/2024\/05\/vignette-summer-290x218.webp 290w, https:\/\/www.domspro.eu\/wp-content\/uploads\/2024\/05\/vignette-summer.webp 600w\" sizes=\"auto, (max-width: 800px) 100vw, 800px\" \/>                <\/div>\n            <\/a>\n        \n        <div class=\"bg-white text-dark d-flex flex-column flex-grow-1 p-20 p-md-30\">\n\n            <h4 class=\"text-dark font-weight-bold mb-10\">\n                Vacances d&rsquo;\u00e9t\u00e9 2025            <\/h4>\n\n            <div class=\"my-10 text-secondary font-weight-bold small\">\n                <i class=\"fas fa-calendar-alt mr-1\"><\/i>\n                25\/06\/2025            <\/div>\n\n            <p>\n                                    Domspro ferme ses portes pendant la p\u00e9riode estivale. Consultez les dates de fermeture de nos filiales.                                <a class=\"d-inline text-dark font-weight-bold\" href=\"https:\/\/www.domspro.eu\/fr\/news\/vacances-dete-2025\/\">\n                    Lire plus                <\/a>\n            <\/p>\n\n        <\/div>\n    <\/div>\n<\/div>\n<div class=\"col-12 col-md-6 col-lg-4 mb-20 mb-md-30\">\n    <div class=\"shadow d-flex flex-column b-news-items__item\">\n                    <a class=\"min-height-1\" href=\"https:\/\/www.domspro.eu\/fr\/news\/protegez-vos-moutons-contre-les-loups-avec-le-fil-de-cloture-ursus\/\">\n                <div class=\"overflow-hidden\">\n                    <img loading=\"lazy\" decoding=\"async\" width=\"800\" height=\"600\" src=\"https:\/\/www.domspro.eu\/wp-content\/uploads\/2025\/02\/Bescherm-uw-schapen-tegen-wolven-met-Ursus-schapendraad-800x600.webp\" class=\"w-100 img-fluid wp-post-image\" alt=\"&lt;?= ; ?&gt;\" srcset=\"https:\/\/www.domspro.eu\/wp-content\/uploads\/2025\/02\/Bescherm-uw-schapen-tegen-wolven-met-Ursus-schapendraad-800x600.webp 800w, https:\/\/www.domspro.eu\/wp-content\/uploads\/2025\/02\/Bescherm-uw-schapen-tegen-wolven-met-Ursus-schapendraad-1600x1200.webp 1600w, https:\/\/www.domspro.eu\/wp-content\/uploads\/2025\/02\/Bescherm-uw-schapen-tegen-wolven-met-Ursus-schapendraad-400x300.webp 400w\" sizes=\"auto, (max-width: 800px) 100vw, 800px\" \/>                <\/div>\n            <\/a>\n        \n        <div class=\"bg-white text-dark d-flex flex-column flex-grow-1 p-20 p-md-30\">\n\n            <h4 class=\"text-dark font-weight-bold mb-10\">\n                Prot\u00e9gez vos moutons contre les loups avec le fil de cl\u00f4ture Ursus            <\/h4>\n\n            <div class=\"my-10 text-secondary font-weight-bold small\">\n                <i class=\"fas fa-calendar-alt mr-1\"><\/i>\n                17\/02\/2025            <\/div>\n\n            <p>\n                                    Prot\u00e9gez votre b\u00e9tail avec des cl\u00f4tures anti-loups telles que le fil de cl\u00f4ture Ursus. D\u00e9couvrez la r\u00e9glementation, les subventions et les cl\u00f4tures&#8230;                                <a class=\"d-inline text-dark font-weight-bold\" href=\"https:\/\/www.domspro.eu\/fr\/news\/protegez-vos-moutons-contre-les-loups-avec-le-fil-de-cloture-ursus\/\">\n                    Lire plus                <\/a>\n            <\/p>\n\n        <\/div>\n    <\/div>\n<\/div>\n<div class=\"col-12 col-md-6 col-lg-4 mb-20 mb-md-30\">\n    <div class=\"shadow d-flex flex-column b-news-items__item\">\n                    <a class=\"min-height-1\" href=\"https:\/\/www.domspro.eu\/fr\/news\/conges-de-fin-dannee-2024-2025\/\">\n                <div class=\"overflow-hidden\">\n                    <img loading=\"lazy\" decoding=\"async\" width=\"800\" height=\"600\" src=\"https:\/\/www.domspro.eu\/wp-content\/uploads\/2024\/12\/2.png\" class=\"w-100 img-fluid wp-post-image\" alt=\"&lt;?= ; ?&gt;\" srcset=\"https:\/\/www.domspro.eu\/wp-content\/uploads\/2024\/12\/2.png 800w, https:\/\/www.domspro.eu\/wp-content\/uploads\/2024\/12\/2-1600x1200.png 1600w, https:\/\/www.domspro.eu\/wp-content\/uploads\/2024\/12\/2-400x300.png 400w, https:\/\/www.domspro.eu\/wp-content\/uploads\/2024\/12\/2-768x576.png 768w, https:\/\/www.domspro.eu\/wp-content\/uploads\/2024\/12\/2-290x218.png 290w, https:\/\/www.domspro.eu\/wp-content\/uploads\/2024\/12\/2-600x450.png 600w\" sizes=\"auto, (max-width: 800px) 100vw, 800px\" \/>                <\/div>\n            <\/a>\n        \n        <div class=\"bg-white text-dark d-flex flex-column flex-grow-1 p-20 p-md-30\">\n\n            <h4 class=\"text-dark font-weight-bold mb-10\">\n                DomsPro f\u00eate la nouvelle ann\u00e9e !            <\/h4>\n\n            <div class=\"my-10 text-secondary font-weight-bold small\">\n                <i class=\"fas fa-calendar-alt mr-1\"><\/i>\n                27\/11\/2024            <\/div>\n\n            <p>\n                                    Consultez les dates de fermeture de nos diff\u00e9rentes filiales ici. Toute l&rsquo;\u00e9quipe de DomsPro vous souhaite ses meilleurs v\u0153ux pour 2025!                                <a class=\"d-inline text-dark font-weight-bold\" href=\"https:\/\/www.domspro.eu\/fr\/news\/conges-de-fin-dannee-2024-2025\/\">\n                    Lire plus                <\/a>\n            <\/p>\n\n        <\/div>\n    <\/div>\n<\/div>\n<div class=\"col-12 col-md-6 col-lg-4 mb-20 mb-md-30\">\n    <div class=\"shadow d-flex flex-column b-news-items__item\">\n                    <a class=\"min-height-1\" href=\"https:\/\/www.domspro.eu\/fr\/news\/achetez-en-novembre-via-notre-webshop-et-recevez-un-bonnet-domspro-gratuit\/\">\n                <div class=\"overflow-hidden\">\n                    <img loading=\"lazy\" decoding=\"async\" width=\"800\" height=\"600\" src=\"https:\/\/www.domspro.eu\/wp-content\/uploads\/2024\/10\/Doms_Figuurtje-PC-800x600.png\" class=\"w-100 img-fluid wp-post-image\" alt=\"&lt;?= ; ?&gt;\" srcset=\"https:\/\/www.domspro.eu\/wp-content\/uploads\/2024\/10\/Doms_Figuurtje-PC-800x600.png 800w, https:\/\/www.domspro.eu\/wp-content\/uploads\/2024\/10\/Doms_Figuurtje-PC-1600x1200.png 1600w, https:\/\/www.domspro.eu\/wp-content\/uploads\/2024\/10\/Doms_Figuurtje-PC-400x300.png 400w\" sizes=\"auto, (max-width: 800px) 100vw, 800px\" \/>                <\/div>\n            <\/a>\n        \n        <div class=\"bg-white text-dark d-flex flex-column flex-grow-1 p-20 p-md-30\">\n\n            <h4 class=\"text-dark font-weight-bold mb-10\">\n                Achetez en novembre via notre webshop et recevez un bonnet Domspro GRATUIT !            <\/h4>\n\n            <div class=\"my-10 text-secondary font-weight-bold small\">\n                <i class=\"fas fa-calendar-alt mr-1\"><\/i>\n                01\/11\/2024            <\/div>\n\n            <p>\n                                <a class=\"d-inline text-dark font-weight-bold\" href=\"https:\/\/www.domspro.eu\/fr\/news\/achetez-en-novembre-via-notre-webshop-et-recevez-un-bonnet-domspro-gratuit\/\">\n                    Lire plus                <\/a>\n            <\/p>\n\n        <\/div>\n    <\/div>\n<\/div>\n<div class=\"col-12 col-md-6 col-lg-4 mb-20 mb-md-30\">\n    <div class=\"shadow d-flex flex-column b-news-items__item\">\n                    <a class=\"min-height-1\" href=\"https:\/\/www.domspro.eu\/fr\/news\/ouverture-zedelgem\/\">\n                <div class=\"overflow-hidden\">\n                    <img loading=\"lazy\" decoding=\"async\" width=\"800\" height=\"600\" src=\"https:\/\/www.domspro.eu\/wp-content\/uploads\/2024\/09\/DomsproZedelgem3-800x600.jpg\" class=\"w-100 img-fluid wp-post-image\" alt=\"&lt;?= ; ?&gt;\" srcset=\"https:\/\/www.domspro.eu\/wp-content\/uploads\/2024\/09\/DomsproZedelgem3-800x600.jpg 800w, https:\/\/www.domspro.eu\/wp-content\/uploads\/2024\/09\/DomsproZedelgem3-1600x1200.jpg 1600w, https:\/\/www.domspro.eu\/wp-content\/uploads\/2024\/09\/DomsproZedelgem3-400x300.jpg 400w, https:\/\/www.domspro.eu\/wp-content\/uploads\/2024\/09\/DomsproZedelgem3-768x576.jpg 768w, https:\/\/www.domspro.eu\/wp-content\/uploads\/2024\/09\/DomsproZedelgem3-1536x1152.jpg 1536w, https:\/\/www.domspro.eu\/wp-content\/uploads\/2024\/09\/DomsproZedelgem3-2048x1536.jpg 2048w, https:\/\/www.domspro.eu\/wp-content\/uploads\/2024\/09\/DomsproZedelgem3-290x218.jpg 290w, https:\/\/www.domspro.eu\/wp-content\/uploads\/2024\/09\/DomsproZedelgem3-600x450.jpg 600w\" sizes=\"auto, (max-width: 800px) 100vw, 800px\" \/>                <\/div>\n            <\/a>\n        \n        <div class=\"bg-white text-dark d-flex flex-column flex-grow-1 p-20 p-md-30\">\n\n            <h4 class=\"text-dark font-weight-bold mb-10\">\n                Ouverture Zedelgem            <\/h4>\n\n            <div class=\"my-10 text-secondary font-weight-bold small\">\n                <i class=\"fas fa-calendar-alt mr-1\"><\/i>\n                16\/10\/2024            <\/div>\n\n            <p>\n                                    Nous sommes fiers d&rsquo;annoncer l&rsquo;ouverture de notre toute nouvelle succursale \u00e0 Zedelgem. En tant qu&rsquo;experts en cl\u00f4tures, portails et solutions d\u2019acc&#8230;                                <a class=\"d-inline text-dark font-weight-bold\" href=\"https:\/\/www.domspro.eu\/fr\/news\/ouverture-zedelgem\/\">\n                    Lire plus                <\/a>\n            <\/p>\n\n        <\/div>\n    <\/div>\n<\/div>\n<div class=\"col-12 col-md-6 col-lg-4 mb-20 mb-md-30\">\n    <div class=\"shadow d-flex flex-column b-news-items__item\">\n                    <a class=\"min-height-1\" href=\"https:\/\/www.domspro.eu\/fr\/news\/notre-nouvelle-gamme-de-treillis-tennis-bfp-en-rouleau\/\">\n                <div class=\"overflow-hidden\">\n                    <img loading=\"lazy\" decoding=\"async\" width=\"800\" height=\"600\" src=\"https:\/\/www.domspro.eu\/wp-content\/uploads\/2024\/06\/vignette-news-treillis-800x600.webp\" class=\"w-100 img-fluid wp-post-image\" alt=\"&lt;?= ; ?&gt;\" srcset=\"https:\/\/www.domspro.eu\/wp-content\/uploads\/2024\/06\/vignette-news-treillis-800x600.webp 800w, https:\/\/www.domspro.eu\/wp-content\/uploads\/2024\/06\/vignette-news-treillis-400x300.webp 400w, https:\/\/www.domspro.eu\/wp-content\/uploads\/2024\/06\/vignette-news-treillis-768x576.webp 768w, https:\/\/www.domspro.eu\/wp-content\/uploads\/2024\/06\/vignette-news-treillis-1536x1152.webp 1536w, https:\/\/www.domspro.eu\/wp-content\/uploads\/2024\/06\/vignette-news-treillis-290x218.webp 290w, https:\/\/www.domspro.eu\/wp-content\/uploads\/2024\/06\/vignette-news-treillis-600x450.webp 600w, https:\/\/www.domspro.eu\/wp-content\/uploads\/2024\/06\/vignette-news-treillis.webp 1600w\" sizes=\"auto, (max-width: 800px) 100vw, 800px\" \/>                <\/div>\n            <\/a>\n        \n        <div class=\"bg-white text-dark d-flex flex-column flex-grow-1 p-20 p-md-30\">\n\n            <h4 class=\"text-dark font-weight-bold mb-10\">\n                Notre nouvelle gamme de treillis tennis BFP en rouleau            <\/h4>\n\n            <div class=\"my-10 text-secondary font-weight-bold small\">\n                <i class=\"fas fa-calendar-alt mr-1\"><\/i>\n                26\/06\/2024            <\/div>\n\n            <p>\n                                    Si vous recherchez une cl\u00f4ture en fil flexible et durable de haute qualit\u00e9, notre Treillis tennis BFP est le meilleur choix&#8230;                                <a class=\"d-inline text-dark font-weight-bold\" href=\"https:\/\/www.domspro.eu\/fr\/news\/notre-nouvelle-gamme-de-treillis-tennis-bfp-en-rouleau\/\">\n                    Lire plus                <\/a>\n            <\/p>\n\n        <\/div>\n    <\/div>\n<\/div>\n<div class=\"col-12 col-md-6 col-lg-4 mb-20 mb-md-30\">\n    <div class=\"shadow d-flex flex-column b-news-items__item\">\n                    <a class=\"min-height-1\" href=\"https:\/\/www.domspro.eu\/fr\/news\/clotures-de-chantier\/\">\n                <div class=\"overflow-hidden\">\n                    <img loading=\"lazy\" decoding=\"async\" width=\"800\" height=\"600\" src=\"https:\/\/www.domspro.eu\/wp-content\/uploads\/2024\/05\/vignette-cloture-chantier-800x600.webp\" class=\"w-100 img-fluid wp-post-image\" alt=\"&lt;?= ; ?&gt;\" srcset=\"https:\/\/www.domspro.eu\/wp-content\/uploads\/2024\/05\/vignette-cloture-chantier-800x600.webp 800w, https:\/\/www.domspro.eu\/wp-content\/uploads\/2024\/05\/vignette-cloture-chantier-1600x1200.webp 1600w, https:\/\/www.domspro.eu\/wp-content\/uploads\/2024\/05\/vignette-cloture-chantier-290x218.webp 290w, https:\/\/www.domspro.eu\/wp-content\/uploads\/2024\/05\/vignette-cloture-chantier.webp 400w\" sizes=\"auto, (max-width: 800px) 100vw, 800px\" \/>                <\/div>\n            <\/a>\n        \n        <div class=\"bg-white text-dark d-flex flex-column flex-grow-1 p-20 p-md-30\">\n\n            <h4 class=\"text-dark font-weight-bold mb-10\">\n                Des chantiers s\u00e9curis\u00e9s avec nos cl\u00f4tures de chantier            <\/h4>\n\n            <div class=\"my-10 text-secondary font-weight-bold small\">\n                <i class=\"fas fa-calendar-alt mr-1\"><\/i>\n                16\/06\/2024            <\/div>\n\n            <p>\n                                    S\u00e9curisez votre chantier avec des cl\u00f4tures de chantier. D\u00e9couvrez nos cl\u00f4tures et leurs accessoires !                                <a class=\"d-inline text-dark font-weight-bold\" href=\"https:\/\/www.domspro.eu\/fr\/news\/clotures-de-chantier\/\">\n                    Lire plus                <\/a>\n            <\/p>\n\n        <\/div>\n    <\/div>\n<\/div>\n<div class=\"col-12 col-md-6 col-lg-4 mb-20 mb-md-30\">\n    <div class=\"shadow d-flex flex-column b-news-items__item\">\n                    <a class=\"min-height-1\" href=\"https:\/\/www.domspro.eu\/fr\/news\/t-shirt-gratuit-pour-toute-commande-en-juin\/\">\n                <div class=\"overflow-hidden\">\n                    <img loading=\"lazy\" decoding=\"async\" width=\"800\" height=\"600\" src=\"https:\/\/www.domspro.eu\/wp-content\/uploads\/2024\/05\/vignette-tshirt-FR-800x600.webp\" class=\"w-100 img-fluid wp-post-image\" alt=\"&lt;?= ; ?&gt;\" srcset=\"https:\/\/www.domspro.eu\/wp-content\/uploads\/2024\/05\/vignette-tshirt-FR-800x600.webp 800w, https:\/\/www.domspro.eu\/wp-content\/uploads\/2024\/05\/vignette-tshirt-FR-1600x1200.webp 1600w, https:\/\/www.domspro.eu\/wp-content\/uploads\/2024\/05\/vignette-tshirt-FR-290x218.webp 290w, https:\/\/www.domspro.eu\/wp-content\/uploads\/2024\/05\/vignette-tshirt-FR.webp 400w\" sizes=\"auto, (max-width: 800px) 100vw, 800px\" \/>                <\/div>\n            <\/a>\n        \n        <div class=\"bg-white text-dark d-flex flex-column flex-grow-1 p-20 p-md-30\">\n\n            <h4 class=\"text-dark font-weight-bold mb-10\">\n                T-shirt gratuit pour toute commande en juin            <\/h4>\n\n            <div class=\"my-10 text-secondary font-weight-bold small\">\n                <i class=\"fas fa-calendar-alt mr-1\"><\/i>\n                03\/06\/2024            <\/div>\n\n            <p>\n                                    Faites vos achats sur notre webshop tout au long du mois de juin et recevez un T-shirt Domspro gratuit !                                <a class=\"d-inline text-dark font-weight-bold\" href=\"https:\/\/www.domspro.eu\/fr\/news\/t-shirt-gratuit-pour-toute-commande-en-juin\/\">\n                    Lire plus                <\/a>\n            <\/p>\n\n        <\/div>\n    <\/div>\n<\/div>\n<div class=\"col-12 col-md-6 col-lg-4 mb-20 mb-md-30\">\n    <div class=\"shadow d-flex flex-column b-news-items__item\">\n                    <a class=\"min-height-1\" href=\"https:\/\/www.domspro.eu\/fr\/news\/vacances-dete-2024\/\">\n                <div class=\"overflow-hidden\">\n                    <img loading=\"lazy\" decoding=\"async\" width=\"800\" height=\"600\" src=\"https:\/\/www.domspro.eu\/wp-content\/uploads\/2024\/05\/vignette-summer-800x600.webp\" class=\"w-100 img-fluid wp-post-image\" alt=\"&lt;?= ; ?&gt;\" srcset=\"https:\/\/www.domspro.eu\/wp-content\/uploads\/2024\/05\/vignette-summer-800x600.webp 800w, https:\/\/www.domspro.eu\/wp-content\/uploads\/2024\/05\/vignette-summer-1600x1200.webp 1600w, https:\/\/www.domspro.eu\/wp-content\/uploads\/2024\/05\/vignette-summer-400x300.webp 400w, https:\/\/www.domspro.eu\/wp-content\/uploads\/2024\/05\/vignette-summer-290x218.webp 290w, https:\/\/www.domspro.eu\/wp-content\/uploads\/2024\/05\/vignette-summer.webp 600w\" sizes=\"auto, (max-width: 800px) 100vw, 800px\" \/>                <\/div>\n            <\/a>\n        \n        <div class=\"bg-white text-dark d-flex flex-column flex-grow-1 p-20 p-md-30\">\n\n            <h4 class=\"text-dark font-weight-bold mb-10\">\n                Cong\u00e9s d&rsquo;\u00e9t\u00e9 2024            <\/h4>\n\n            <div class=\"my-10 text-secondary font-weight-bold small\">\n                <i class=\"fas fa-calendar-alt mr-1\"><\/i>\n                24\/05\/2024            <\/div>\n\n            <p>\n                                    Domspro ferme ses portes pendant les cong\u00e9s de la construction. Consultez les dates de fermeture de nos filiales.                                <a class=\"d-inline text-dark font-weight-bold\" href=\"https:\/\/www.domspro.eu\/fr\/news\/vacances-dete-2024\/\">\n                    Lire plus                <\/a>\n            <\/p>\n\n        <\/div>\n    <\/div>\n<\/div>\n<div class=\"col-12 col-md-6 col-lg-4 mb-20 mb-md-30\">\n    <div class=\"shadow d-flex flex-column b-news-items__item\">\n                    <a class=\"min-height-1\" href=\"https:\/\/www.domspro.eu\/fr\/news\/treillis-de-chape\/\">\n                <div class=\"overflow-hidden\">\n                    <img loading=\"lazy\" decoding=\"async\" width=\"800\" height=\"600\" src=\"https:\/\/www.domspro.eu\/wp-content\/uploads\/2024\/05\/vignette-treillis-800x600.webp\" class=\"w-100 img-fluid wp-post-image\" alt=\"&lt;?= ; ?&gt;\" srcset=\"https:\/\/www.domspro.eu\/wp-content\/uploads\/2024\/05\/vignette-treillis-800x600.webp 800w, https:\/\/www.domspro.eu\/wp-content\/uploads\/2024\/05\/vignette-treillis-1600x1200.webp 1600w, https:\/\/www.domspro.eu\/wp-content\/uploads\/2024\/05\/vignette-treillis-290x218.webp 290w, https:\/\/www.domspro.eu\/wp-content\/uploads\/2024\/05\/vignette-treillis.webp 400w\" sizes=\"auto, (max-width: 800px) 100vw, 800px\" \/>                <\/div>\n            <\/a>\n        \n        <div class=\"bg-white text-dark d-flex flex-column flex-grow-1 p-20 p-md-30\">\n\n            <h4 class=\"text-dark font-weight-bold mb-10\">\n                Renforcez vos chapes avec les treillis de renforcement            <\/h4>\n\n            <div class=\"my-10 text-secondary font-weight-bold small\">\n                <i class=\"fas fa-calendar-alt mr-1\"><\/i>\n                17\/05\/2024            <\/div>\n\n            <p>\n                                    Avec nos treillis de 1 x 2 m et diff\u00e9rents diam\u00e8tres de fil galvanis\u00e9, renforcez vos chapes avec fiabilit\u00e9.                                <a class=\"d-inline text-dark font-weight-bold\" href=\"https:\/\/www.domspro.eu\/fr\/news\/treillis-de-chape\/\">\n                    Lire plus                <\/a>\n            <\/p>\n\n        <\/div>\n    <\/div>\n<\/div>\n<div class=\"col-12 col-md-6 col-lg-4 mb-20 mb-md-30\">\n    <div class=\"shadow d-flex flex-column b-news-items__item\">\n                    <a class=\"min-height-1\" href=\"https:\/\/www.domspro.eu\/fr\/news\/large-gamme-de-clotures-agricoles\/\">\n                <div class=\"overflow-hidden\">\n                    <img loading=\"lazy\" decoding=\"async\" width=\"800\" height=\"600\" src=\"https:\/\/www.domspro.eu\/wp-content\/uploads\/2024\/04\/ursus-vignette-FR-800x600.webp\" class=\"w-100 img-fluid wp-post-image\" alt=\"&lt;?= ; ?&gt;\" srcset=\"https:\/\/www.domspro.eu\/wp-content\/uploads\/2024\/04\/ursus-vignette-FR-800x600.webp 800w, https:\/\/www.domspro.eu\/wp-content\/uploads\/2024\/04\/ursus-vignette-FR-400x300.webp 400w, https:\/\/www.domspro.eu\/wp-content\/uploads\/2024\/04\/ursus-vignette-FR-768x576.webp 768w, https:\/\/www.domspro.eu\/wp-content\/uploads\/2024\/04\/ursus-vignette-FR-1536x1152.webp 1536w, https:\/\/www.domspro.eu\/wp-content\/uploads\/2024\/04\/ursus-vignette-FR-290x218.webp 290w, https:\/\/www.domspro.eu\/wp-content\/uploads\/2024\/04\/ursus-vignette-FR-600x450.webp 600w, https:\/\/www.domspro.eu\/wp-content\/uploads\/2024\/04\/ursus-vignette-FR.webp 1600w\" sizes=\"auto, (max-width: 800px) 100vw, 800px\" \/>                <\/div>\n            <\/a>\n        \n        <div class=\"bg-white text-dark d-flex flex-column flex-grow-1 p-20 p-md-30\">\n\n            <h4 class=\"text-dark font-weight-bold mb-10\">\n                Large gamme de cl\u00f4tures agricoles            <\/h4>\n\n            <div class=\"my-10 text-secondary font-weight-bold small\">\n                <i class=\"fas fa-calendar-alt mr-1\"><\/i>\n                18\/04\/2024            <\/div>\n\n            <p>\n                                    Optez pour nos cl\u00f4tures agricoles haut de gamme, telles que Ursus\u00ae Zincalu\u00ae et Ursus\u00ae Heavy Zincalu\u00ae Super.                                 <a class=\"d-inline text-dark font-weight-bold\" href=\"https:\/\/www.domspro.eu\/fr\/news\/large-gamme-de-clotures-agricoles\/\">\n                    Lire plus                <\/a>\n            <\/p>\n\n        <\/div>\n    <\/div>\n<\/div>\n<div class=\"col-12 col-md-6 col-lg-4 mb-20 mb-md-30\">\n    <div class=\"shadow d-flex flex-column b-news-items__item\">\n                    <a class=\"min-height-1\" href=\"https:\/\/www.domspro.eu\/fr\/news\/sangle-domspro-gratuite\/\">\n                <div class=\"overflow-hidden\">\n                    <img loading=\"lazy\" decoding=\"async\" width=\"800\" height=\"600\" src=\"https:\/\/www.domspro.eu\/wp-content\/uploads\/2024\/04\/vignette-sangle-800x600.webp\" class=\"w-100 img-fluid wp-post-image\" alt=\"&lt;?= ; ?&gt;\" srcset=\"https:\/\/www.domspro.eu\/wp-content\/uploads\/2024\/04\/vignette-sangle-800x600.webp 800w, https:\/\/www.domspro.eu\/wp-content\/uploads\/2024\/04\/vignette-sangle-1600x1200.webp 1600w, https:\/\/www.domspro.eu\/wp-content\/uploads\/2024\/04\/vignette-sangle-400x300.webp 400w, https:\/\/www.domspro.eu\/wp-content\/uploads\/2024\/04\/vignette-sangle-290x218.webp 290w, https:\/\/www.domspro.eu\/wp-content\/uploads\/2024\/04\/vignette-sangle.webp 600w\" sizes=\"auto, (max-width: 800px) 100vw, 800px\" \/>                <\/div>\n            <\/a>\n        \n        <div class=\"bg-white text-dark d-flex flex-column flex-grow-1 p-20 p-md-30\">\n\n            <h4 class=\"text-dark font-weight-bold mb-10\">\n                Sangle Domspro gratuite            <\/h4>\n\n            <div class=\"my-10 text-secondary font-weight-bold small\">\n                <i class=\"fas fa-calendar-alt mr-1\"><\/i>\n                02\/04\/2024            <\/div>\n\n            <p>\n                                    Nouvelle filiale \u00e0 Hoogstraten. Sangle gratuite pour tout enl\u00e8vement. On vous attend !                                <a class=\"d-inline text-dark font-weight-bold\" href=\"https:\/\/www.domspro.eu\/fr\/news\/sangle-domspro-gratuite\/\">\n                    Lire plus                <\/a>\n            <\/p>\n\n        <\/div>\n    <\/div>\n<\/div>\n<div class=\"col-12 col-md-6 col-lg-4 mb-20 mb-md-30\">\n    <div class=\"shadow d-flex flex-column b-news-items__item\">\n                    <a class=\"min-height-1\" href=\"https:\/\/www.domspro.eu\/fr\/news\/portails-de-jardin-de-qualite-en-acier\/\">\n                <div class=\"overflow-hidden\">\n                    <img loading=\"lazy\" decoding=\"async\" width=\"800\" height=\"600\" src=\"https:\/\/www.domspro.eu\/wp-content\/uploads\/2024\/02\/Tuinpoorten-2-800x600.jpg\" class=\"w-100 img-fluid wp-post-image\" alt=\"&lt;?= ; ?&gt;\" srcset=\"https:\/\/www.domspro.eu\/wp-content\/uploads\/2024\/02\/Tuinpoorten-2-800x600.jpg 800w, https:\/\/www.domspro.eu\/wp-content\/uploads\/2024\/02\/Tuinpoorten-2-1600x1200.jpg 1600w, https:\/\/www.domspro.eu\/wp-content\/uploads\/2024\/02\/Tuinpoorten-2-400x300.jpg 400w\" sizes=\"auto, (max-width: 800px) 100vw, 800px\" \/>                <\/div>\n            <\/a>\n        \n        <div class=\"bg-white text-dark d-flex flex-column flex-grow-1 p-20 p-md-30\">\n\n            <h4 class=\"text-dark font-weight-bold mb-10\">\n                Portails de jardin de qualit\u00e9 en acier            <\/h4>\n\n            <div class=\"my-10 text-secondary font-weight-bold small\">\n                <i class=\"fas fa-calendar-alt mr-1\"><\/i>\n                13\/03\/2024            <\/div>\n\n            <p>\n                                    Nous distribuons un large assortiment de portails de jardin de qualit\u00e9 en acier, disponibles dans de nombreuses dimensions et couleurs.                                <a class=\"d-inline text-dark font-weight-bold\" href=\"https:\/\/www.domspro.eu\/fr\/news\/portails-de-jardin-de-qualite-en-acier\/\">\n                    Lire plus                <\/a>\n            <\/p>\n\n        <\/div>\n    <\/div>\n<\/div>\n<div class=\"col-12 col-md-6 col-lg-4 mb-20 mb-md-30\">\n    <div class=\"shadow d-flex flex-column b-news-items__item\">\n                    <a class=\"min-height-1\" href=\"https:\/\/www.domspro.eu\/fr\/news\/promotion-sur-les-planches-a-tenon-et-mortaise\/\">\n                <div class=\"overflow-hidden\">\n                    <img loading=\"lazy\" decoding=\"async\" width=\"800\" height=\"600\" src=\"https:\/\/www.domspro.eu\/wp-content\/uploads\/2024\/02\/Design-sans-titre-800x600.png\" class=\"w-100 img-fluid wp-post-image\" alt=\"&lt;?= ; ?&gt;\" srcset=\"https:\/\/www.domspro.eu\/wp-content\/uploads\/2024\/02\/Design-sans-titre-800x600.png 800w, https:\/\/www.domspro.eu\/wp-content\/uploads\/2024\/02\/Design-sans-titre-1600x1200.png 1600w, https:\/\/www.domspro.eu\/wp-content\/uploads\/2024\/02\/Design-sans-titre-400x300.png 400w\" sizes=\"auto, (max-width: 800px) 100vw, 800px\" \/>                <\/div>\n            <\/a>\n        \n        <div class=\"bg-white text-dark d-flex flex-column flex-grow-1 p-20 p-md-30\">\n\n            <h4 class=\"text-dark font-weight-bold mb-10\">\n                Promotion sur les planches \u00e0 tenon et mortaise            <\/h4>\n\n            <div class=\"my-10 text-secondary font-weight-bold small\">\n                <i class=\"fas fa-calendar-alt mr-1\"><\/i>\n                04\/03\/2024            <\/div>\n\n            <p>\n                                    Promotion chez Domspro : planches \u00e0 tenon et mortaise avec 10% de r\u00e9duction en mars ! Commandez en ligne.                                <a class=\"d-inline text-dark font-weight-bold\" href=\"https:\/\/www.domspro.eu\/fr\/news\/promotion-sur-les-planches-a-tenon-et-mortaise\/\">\n                    Lire plus                <\/a>\n            <\/p>\n\n        <\/div>\n    <\/div>\n<\/div>\n<div class=\"col-12 col-md-6 col-lg-4 mb-20 mb-md-30\">\n    <div class=\"shadow d-flex flex-column b-news-items__item\">\n                    <a class=\"min-height-1\" href=\"https:\/\/www.domspro.eu\/fr\/news\/domspro-hoogstraten-ouvre-ses-portes\/\">\n                <div class=\"overflow-hidden\">\n                    <img loading=\"lazy\" decoding=\"async\" width=\"800\" height=\"600\" src=\"https:\/\/www.domspro.eu\/wp-content\/uploads\/2023\/10\/domspro-hoogstraten-1-800x600.webp\" class=\"w-100 img-fluid wp-post-image\" alt=\"&lt;?= ; ?&gt;\" srcset=\"https:\/\/www.domspro.eu\/wp-content\/uploads\/2023\/10\/domspro-hoogstraten-1-800x600.webp 800w, https:\/\/www.domspro.eu\/wp-content\/uploads\/2023\/10\/domspro-hoogstraten-1-1600x1200.webp 1600w, https:\/\/www.domspro.eu\/wp-content\/uploads\/2023\/10\/domspro-hoogstraten-1-400x300.webp 400w\" sizes=\"auto, (max-width: 800px) 100vw, 800px\" \/>                <\/div>\n            <\/a>\n        \n        <div class=\"bg-white text-dark d-flex flex-column flex-grow-1 p-20 p-md-30\">\n\n            <h4 class=\"text-dark font-weight-bold mb-10\">\n                Domspro Hoogstraten ouvre ses portes            <\/h4>\n\n            <div class=\"my-10 text-secondary font-weight-bold small\">\n                <i class=\"fas fa-calendar-alt mr-1\"><\/i>\n                02\/01\/2024            <\/div>\n\n            <p>\n                                    Nous venons \u00e0 peine de cl\u00f4turer l&rsquo;ann\u00e9e 2023 que les portes du Domspro Hoogstraten s&rsquo;ouvrent.                                <a class=\"d-inline text-dark font-weight-bold\" href=\"https:\/\/www.domspro.eu\/fr\/news\/domspro-hoogstraten-ouvre-ses-portes\/\">\n                    Lire plus                <\/a>\n            <\/p>\n\n        <\/div>\n    <\/div>\n<\/div>\n<div class=\"col-12 col-md-6 col-lg-4 mb-20 mb-md-30\">\n    <div class=\"shadow d-flex flex-column b-news-items__item\">\n                    <a class=\"min-height-1\" href=\"https:\/\/www.domspro.eu\/fr\/news\/parlons-un-peu-de-2024\/\">\n                <div class=\"overflow-hidden\">\n                    <img loading=\"lazy\" decoding=\"async\" width=\"800\" height=\"600\" src=\"https:\/\/www.domspro.eu\/wp-content\/uploads\/2023\/10\/vignette-conges-800x600.jpg\" class=\"w-100 img-fluid wp-post-image\" alt=\"&lt;?= ; ?&gt;\" srcset=\"https:\/\/www.domspro.eu\/wp-content\/uploads\/2023\/10\/vignette-conges-800x600.jpg 800w, https:\/\/www.domspro.eu\/wp-content\/uploads\/2023\/10\/vignette-conges-1600x1200.jpg 1600w, https:\/\/www.domspro.eu\/wp-content\/uploads\/2023\/10\/vignette-conges-400x300.jpg 400w, https:\/\/www.domspro.eu\/wp-content\/uploads\/2023\/10\/vignette-conges-290x218.jpg 290w, https:\/\/www.domspro.eu\/wp-content\/uploads\/2023\/10\/vignette-conges.jpg 600w\" sizes=\"auto, (max-width: 800px) 100vw, 800px\" \/>                <\/div>\n            <\/a>\n        \n        <div class=\"bg-white text-dark d-flex flex-column flex-grow-1 p-20 p-md-30\">\n\n            <h4 class=\"text-dark font-weight-bold mb-10\">\n                Parlons un peu de 2024 !            <\/h4>\n\n            <div class=\"my-10 text-secondary font-weight-bold small\">\n                <i class=\"fas fa-calendar-alt mr-1\"><\/i>\n                01\/12\/2023            <\/div>\n\n            <p>\n                                    Cette nouvelle ann\u00e9e promet d&rsquo;\u00eatre passionnante et remplie de nouveaux d\u00e9fis, notamment avec l&rsquo;ouverture de notre 2eme filiale, Domspro Hoogstraten&#8230;                                <a class=\"d-inline text-dark font-weight-bold\" href=\"https:\/\/www.domspro.eu\/fr\/news\/parlons-un-peu-de-2024\/\">\n                    Lire plus                <\/a>\n            <\/p>\n\n        <\/div>\n    <\/div>\n<\/div>\n<div class=\"col-12 col-md-6 col-lg-4 mb-20 mb-md-30\">\n    <div class=\"shadow d-flex flex-column b-news-items__item\">\n                    <a class=\"min-height-1\" href=\"https:\/\/www.domspro.eu\/fr\/news\/levons-nos-verres-au-nouveau-webshop\/\">\n                <div class=\"overflow-hidden\">\n                    <img loading=\"lazy\" decoding=\"async\" width=\"800\" height=\"600\" src=\"https:\/\/www.domspro.eu\/wp-content\/uploads\/2023\/11\/vignette-webshop-NL-800x600.jpg\" class=\"w-100 img-fluid wp-post-image\" alt=\"&lt;?= ; ?&gt;\" srcset=\"https:\/\/www.domspro.eu\/wp-content\/uploads\/2023\/11\/vignette-webshop-NL-800x600.jpg 800w, https:\/\/www.domspro.eu\/wp-content\/uploads\/2023\/11\/vignette-webshop-NL-1600x1200.jpg 1600w, https:\/\/www.domspro.eu\/wp-content\/uploads\/2023\/11\/vignette-webshop-NL-400x300.jpg 400w, https:\/\/www.domspro.eu\/wp-content\/uploads\/2023\/11\/vignette-webshop-NL-290x218.jpg 290w, https:\/\/www.domspro.eu\/wp-content\/uploads\/2023\/11\/vignette-webshop-NL.jpg 500w\" sizes=\"auto, (max-width: 800px) 100vw, 800px\" \/>                <\/div>\n            <\/a>\n        \n        <div class=\"bg-white text-dark d-flex flex-column flex-grow-1 p-20 p-md-30\">\n\n            <h4 class=\"text-dark font-weight-bold mb-10\">\n                Levons nos verres au nouveau webshop !            <\/h4>\n\n            <div class=\"my-10 text-secondary font-weight-bold small\">\n                <i class=\"fas fa-calendar-alt mr-1\"><\/i>\n                07\/11\/2023            <\/div>\n\n            <p>\n                                    Ach\u00e8te en ligne et c\u00e9l\u00e8bre avec nous l&rsquo;ouverture de notre webshop. L&rsquo;as-tu d\u00e9j\u00e0 test\u00e9 ?                                <a class=\"d-inline text-dark font-weight-bold\" href=\"https:\/\/www.domspro.eu\/fr\/news\/levons-nos-verres-au-nouveau-webshop\/\">\n                    Lire plus                <\/a>\n            <\/p>\n\n        <\/div>\n    <\/div>\n<\/div>\n<div class=\"col-12 col-md-6 col-lg-4 mb-20 mb-md-30\">\n    <div class=\"shadow d-flex flex-column b-news-items__item\">\n                    <a class=\"min-height-1\" href=\"https:\/\/www.domspro.eu\/fr\/news\/le-bois-a-lhonneur\/\">\n                <div class=\"overflow-hidden\">\n                    <img loading=\"lazy\" decoding=\"async\" width=\"800\" height=\"600\" src=\"https:\/\/www.domspro.eu\/wp-content\/uploads\/2023\/10\/news-bois-800x600.jpg\" class=\"w-100 img-fluid wp-post-image\" alt=\"&lt;?= ; ?&gt;\" srcset=\"https:\/\/www.domspro.eu\/wp-content\/uploads\/2023\/10\/news-bois-800x600.jpg 800w, https:\/\/www.domspro.eu\/wp-content\/uploads\/2023\/10\/news-bois-1600x1200.jpg 1600w, https:\/\/www.domspro.eu\/wp-content\/uploads\/2023\/10\/news-bois-400x300.jpg 400w, https:\/\/www.domspro.eu\/wp-content\/uploads\/2023\/10\/news-bois-290x218.jpg 290w, https:\/\/www.domspro.eu\/wp-content\/uploads\/2023\/10\/news-bois.jpg 600w\" sizes=\"auto, (max-width: 800px) 100vw, 800px\" \/>                <\/div>\n            <\/a>\n        \n        <div class=\"bg-white text-dark d-flex flex-column flex-grow-1 p-20 p-md-30\">\n\n            <h4 class=\"text-dark font-weight-bold mb-10\">\n                Le bois \u00e0 l&rsquo;honneur            <\/h4>\n\n            <div class=\"my-10 text-secondary font-weight-bold small\">\n                <i class=\"fas fa-calendar-alt mr-1\"><\/i>\n                24\/10\/2023            <\/div>\n\n            <p>\n                                    Les panneaux en bois s&rsquo;int\u00e8grent naturellement dans un environnement verdoyant. Ils sont trait\u00e9s contre l&rsquo;humidit\u00e9, les insectes et les moisissures&#8230;                                <a class=\"d-inline text-dark font-weight-bold\" href=\"https:\/\/www.domspro.eu\/fr\/news\/le-bois-a-lhonneur\/\">\n                    Lire plus                <\/a>\n            <\/p>\n\n        <\/div>\n    <\/div>\n<\/div>        <\/div>\n\n        \n                    <div class=\"row\">\n                <div class=\"col-12 text-center py-20 py-md-60\">\n                    <div class=\"c-pagination\">\n                        <span aria-current=\"page\" class=\"page-numbers current\">1<\/span>\n<a class=\"page-numbers\" href=\"https:\/\/www.domspro.eu\/fr\/wp-json\/wp\/v2\/pages\/214\/\/page\/2\">2<\/a>\n<a class=\"next page-numbers\" href=\"https:\/\/www.domspro.eu\/fr\/wp-json\/wp\/v2\/pages\/214\/\/page\/2\"><svg width=\"8\" height=\"12\" xmlns=\"http:\/\/www.w3.org\/2000\/svg\"><path fill=\"currentColor\" d=\"M1.789 11.775a1.78 1.78 0 0 1-1.256-.496c-.693-.657-.693-1.723 0-2.393l3.165-3-3.178-3c-.693-.657-.693-1.723 0-2.393.693-.657 1.817-.657 2.524 0l4.433 4.202c.34.323.523.744.523 1.19 0 .447-.183.881-.523 1.191L3.044 11.28c-.353.335-.81.496-1.255.496z\" fill-rule=\"evenodd\"\/><\/svg><\/a>                    <\/div>\n                <\/div>\n            <\/div>\n                    \n    <\/div>\n<\/section>\n\n<div class=\"block block-form pt-15 pt-md-20 pt-lg-30 \">\n    <div class=\"container bg-primary-faded\">\n        <div class=\"row\">\n            <div class=\"col-md-10 py-30 py-lg-50 py-xl-60 mx-auto justify-content-center\" data-aos=\"fade-up\">\n                                    <h2 class=\"mb-20 mb-lg-30\">\n                        Abonne-toi \u00e0 notre newsletter                    <\/h2>\n                \n                                    <p class=\"text-dark\">\n                        <p>&amp; re\u00e7ois nos nouvelles et promotions !<\/p>\n                    <\/p>\n                \n                <script>\nvar gform;gform||(document.addEventListener(\"gform_main_scripts_loaded\",function(){gform.scriptsLoaded=!0}),document.addEventListener(\"gform\/theme\/scripts_loaded\",function(){gform.themeScriptsLoaded=!0}),window.addEventListener(\"DOMContentLoaded\",function(){gform.domLoaded=!0}),gform={domLoaded:!1,scriptsLoaded:!1,themeScriptsLoaded:!1,isFormEditor:()=>\"function\"==typeof InitializeEditor,callIfLoaded:function(o){return!(!gform.domLoaded||!gform.scriptsLoaded||!gform.themeScriptsLoaded&&!gform.isFormEditor()||(gform.isFormEditor()&&console.warn(\"The use of gform.initializeOnLoaded() is deprecated in the form editor context and will be removed in Gravity Forms 3.1.\"),o(),0))},initializeOnLoaded:function(o){gform.callIfLoaded(o)||(document.addEventListener(\"gform_main_scripts_loaded\",()=>{gform.scriptsLoaded=!0,gform.callIfLoaded(o)}),document.addEventListener(\"gform\/theme\/scripts_loaded\",()=>{gform.themeScriptsLoaded=!0,gform.callIfLoaded(o)}),window.addEventListener(\"DOMContentLoaded\",()=>{gform.domLoaded=!0,gform.callIfLoaded(o)}))},hooks:{action:{},filter:{}},addAction:function(o,r,e,t){gform.addHook(\"action\",o,r,e,t)},addFilter:function(o,r,e,t){gform.addHook(\"filter\",o,r,e,t)},doAction:function(o){gform.doHook(\"action\",o,arguments)},applyFilters:function(o){return gform.doHook(\"filter\",o,arguments)},removeAction:function(o,r){gform.removeHook(\"action\",o,r)},removeFilter:function(o,r,e){gform.removeHook(\"filter\",o,r,e)},addHook:function(o,r,e,t,n){null==gform.hooks[o][r]&&(gform.hooks[o][r]=[]);var d=gform.hooks[o][r];null==n&&(n=r+\"_\"+d.length),gform.hooks[o][r].push({tag:n,callable:e,priority:t=null==t?10:t})},doHook:function(r,o,e){var t;if(e=Array.prototype.slice.call(e,1),null!=gform.hooks[r][o]&&((o=gform.hooks[r][o]).sort(function(o,r){return o.priority-r.priority}),o.forEach(function(o){\"function\"!=typeof(t=o.callable)&&(t=window[t]),\"action\"==r?t.apply(null,e):e[0]=t.apply(null,e)})),\"filter\"==r)return e[0]},removeHook:function(o,r,t,n){var e;null!=gform.hooks[o][r]&&(e=(e=gform.hooks[o][r]).filter(function(o,r,e){return!!(null!=n&&n!=o.tag||null!=t&&t!=o.priority)}),gform.hooks[o][r]=e)}});\n<\/script>\n\n                <div class='gf_browser_gecko gform_wrapper gravity-theme gform-theme--no-framework' data-form-theme='gravity-theme' data-form-index='0' id='gform_wrapper_2' ><div id='gf_2' class='gform_anchor' tabindex='-1'><\/div><form method='post' enctype='multipart\/form-data'  id='gform_2'  action='\/fr\/wp-json\/wp\/v2\/pages\/214#gf_2' data-formid='2' novalidate>\n                        <div class='gform-body gform_body'><div id='gform_fields_2' class='gform_fields top_label form_sublabel_below description_below validation_below'><div id=\"field_2_1\" class=\"gfield gfield--type-text field_sublabel_below gfield--no-description field_description_below hidden_label field_validation_below gfield_visibility_visible\"  ><label class='gfield_label gform-field-label' for='input_2_1'>Pr\u00e9nom + Nom<\/label><div class='ginput_container ginput_container_text'><input name='input_1' id='input_2_1' type='text' value='' class='large'    placeholder='Pr\u00e9nom + Nom'  aria-invalid=\"false\"   \/><\/div><\/div><div id=\"field_2_3\" class=\"gfield gfield--type-email gfield--width-full field_sublabel_below gfield--no-description field_description_below hidden_label field_validation_below gfield_visibility_visible\"  ><label class='gfield_label gform-field-label' for='input_2_3'>Email<\/label><div class='ginput_container ginput_container_email'>\n                            <input name='input_3' id='input_2_3' type='email' value='' class='large'   placeholder='Email'  aria-invalid=\"false\"  \/>\n                        <\/div><\/div><\/div><\/div>\n        <div class='gform-footer gform_footer top_label'> <input type='submit' id='gform_submit_button_2' class='gform_button button' onclick='gform.submission.handleButtonClick(this);' data-submission-type='submit' value='S\u2019inscrire'  \/> \n            <input type='hidden' class='gform_hidden' name='gform_submission_method' data-js='gform_submission_method_2' value='postback' \/>\n            <input type='hidden' class='gform_hidden' name='gform_theme' data-js='gform_theme_2' id='gform_theme_2' value='gravity-theme' \/>\n            <input type='hidden' class='gform_hidden' name='gform_style_settings' data-js='gform_style_settings_2' id='gform_style_settings_2' value='' \/>\n            <input type='hidden' class='gform_hidden' name='is_submit_2' value='1' \/>\n            <input type='hidden' class='gform_hidden' name='gform_submit' value='2' \/>\n            \n            <input type='hidden' class='gform_hidden' name='gform_currency' data-currency='EUR' value='Sv9asfzA0NGxLT8vsvq6P5TBIfJa4svZDV97YLmO4IjgnxMGpOvY7EyV9idVQN4\/4sZbnnSlHHtHmJACWIfsqfXs0ETZZqfUAkWo391kMDbsKR4=' \/>\n            <input type='hidden' class='gform_hidden' name='gform_unique_id' value='' \/>\n            <input type='hidden' class='gform_hidden' name='state_2' value='WyJbXSIsIjQ5MTRhMTQwOWNiYTY5MmY2YmFmNTRkNjVmN2EzNTJlIl0=' \/>\n            <input type='hidden' autocomplete='off' class='gform_hidden' name='gform_target_page_number_2' id='gform_target_page_number_2' value='0' \/>\n            <input type='hidden' autocomplete='off' class='gform_hidden' name='gform_source_page_number_2' id='gform_source_page_number_2' value='1' \/>\n            <input type='hidden' name='gform_field_values' value='' \/>\n            \n        <\/div>\n                        <\/form>\n                        <\/div><script>\ngform.initializeOnLoaded( function() {gformInitSpinner( 2, 'https:\/\/www.domspro.eu\/wp-content\/plugins\/gravityforms\/images\/spinner.svg', true );jQuery('#gform_ajax_frame_2').on('load',function(){var contents = jQuery(this).contents().find('*').html();var is_postback = contents.indexOf('GF_AJAX_POSTBACK') >= 0;if(!is_postback){return;}var form_content = jQuery(this).contents().find('#gform_wrapper_2');var is_confirmation = jQuery(this).contents().find('#gform_confirmation_wrapper_2').length > 0;var is_redirect = contents.indexOf('gformRedirect(){') >= 0;var is_form = form_content.length > 0 && ! is_redirect && ! is_confirmation;var mt = parseInt(jQuery('html').css('margin-top'), 10) + parseInt(jQuery('body').css('margin-top'), 10) + 100;if(is_form){jQuery('#gform_wrapper_2').html(form_content.html());if(form_content.hasClass('gform_validation_error')){jQuery('#gform_wrapper_2').addClass('gform_validation_error');} else {jQuery('#gform_wrapper_2').removeClass('gform_validation_error');}setTimeout( function() { \/* delay the scroll by 50 milliseconds to fix a bug in chrome *\/ jQuery(document).scrollTop(jQuery('#gform_wrapper_2').offset().top - mt); }, 50 );if(window['gformInitDatepicker']) {gformInitDatepicker();}if(window['gformInitPriceFields']) {gformInitPriceFields();}var current_page = jQuery('#gform_source_page_number_2').val();gformInitSpinner( 2, 'https:\/\/www.domspro.eu\/wp-content\/plugins\/gravityforms\/images\/spinner.svg', true );jQuery(document).trigger('gform_page_loaded', [2, current_page]);window['gf_submitting_2'] = false;}else if(!is_redirect){var confirmation_content = jQuery(this).contents().find('.GF_AJAX_POSTBACK').html();if(!confirmation_content){confirmation_content = contents;}jQuery('#gform_wrapper_2').replaceWith(confirmation_content);jQuery(document).scrollTop(jQuery('#gf_2').offset().top - mt);jQuery(document).trigger('gform_confirmation_loaded', [2]);window['gf_submitting_2'] = false;wp.a11y.speak(jQuery('#gform_confirmation_message_2').text());}else{jQuery('#gform_2').append(contents);if(window['gformRedirect']) {gformRedirect();}}jQuery(document).trigger(\"gform_pre_post_render\", [{ formId: \"2\", currentPage: \"current_page\", abort: function() { this.preventDefault(); } }]);        if (event && event.defaultPrevented) {                return;        }        const gformWrapperDiv = document.getElementById( \"gform_wrapper_2\" );        if ( gformWrapperDiv ) {            const visibilitySpan = document.createElement( \"span\" );            visibilitySpan.id = \"gform_visibility_test_2\";            gformWrapperDiv.insertAdjacentElement( \"afterend\", visibilitySpan );        }        const visibilityTestDiv = document.getElementById( \"gform_visibility_test_2\" );        let postRenderFired = false;        function triggerPostRender() {            if ( postRenderFired ) {                return;            }            postRenderFired = true;            gform.core.triggerPostRenderEvents( 2, current_page );            if ( visibilityTestDiv ) {                visibilityTestDiv.parentNode.removeChild( visibilityTestDiv );            }        }        function debounce( func, wait, immediate ) {            var timeout;            return function() {                var context = this, args = arguments;                var later = function() {                    timeout = null;                    if ( !immediate ) func.apply( context, args );                };                var callNow = immediate && !timeout;                clearTimeout( timeout );                timeout = setTimeout( later, wait );                if ( callNow ) func.apply( context, args );            };        }        const debouncedTriggerPostRender = debounce( function() {            triggerPostRender();        }, 200 );        if ( visibilityTestDiv && visibilityTestDiv.offsetParent === null ) {            const observer = new MutationObserver( ( mutations ) => {                mutations.forEach( ( mutation ) => {                    if ( mutation.type === 'attributes' && visibilityTestDiv.offsetParent !== null ) {                        debouncedTriggerPostRender();                        observer.disconnect();                    }                });            });            observer.observe( document.body, {                attributes: true,                childList: false,                subtree: true,                attributeFilter: [ 'style', 'class' ],            });        } else {            triggerPostRender();        }    } );} );\n<\/script>\n            <\/div>\n        <\/div>\n    <\/div>\n<\/div>","protected":false},"excerpt":{"rendered":"","protected":false},"author":1,"featured_media":0,"parent":0,"menu_order":0,"comment_status":"closed","ping_status":"closed","template":"","meta":{"_acf_changed":false,"footnotes":""},"class_list":["post-214","page","type-page","status-publish","hentry"],"acf":[],"yoast_head":"<!-- This site is optimized with the Yoast SEO plugin v28.0 - https:\/\/yoast.com\/product\/yoast-seo-wordpress\/ -->\n<title>News | DomsPro<\/title>\n<meta name=\"description\" content=\"Consulte toute notre actualit\u00e9 : nouveaux produits, promotions exclusives, actions, informations ou cong\u00e9s\" \/>\n<meta name=\"robots\" content=\"index, follow, max-snippet:-1, max-image-preview:large, max-video-preview:-1\" \/>\n<link rel=\"canonical\" href=\"https:\/\/www.domspro.eu\/nieuws\/\" \/>\n<meta property=\"og:locale\" content=\"fr_FR\" \/>\n<meta property=\"og:type\" content=\"article\" \/>\n<meta property=\"og:title\" content=\"News | DomsPro\" \/>\n<meta property=\"og:description\" content=\"Consulte toute notre actualit\u00e9 : nouveaux produits, promotions exclusives, actions, informations ou cong\u00e9s\" \/>\n<meta property=\"og:url\" content=\"https:\/\/www.domspro.eu\/nieuws\/\" \/>\n<meta property=\"og:site_name\" content=\"DomsPro\" \/>\n<meta property=\"article:modified_time\" content=\"2022-11-08T14:41:59+00:00\" \/>\n<meta name=\"twitter:card\" content=\"summary_large_image\" \/>\n<script type=\"application\/ld+json\" class=\"yoast-schema-graph\">{\"@context\":\"https:\\\/\\\/schema.org\",\"@graph\":[{\"@type\":\"WebPage\",\"@id\":\"https:\\\/\\\/www.domspro.eu\\\/nieuws\\\/\",\"url\":\"https:\\\/\\\/www.domspro.eu\\\/nieuws\\\/\",\"name\":\"News | DomsPro\",\"isPartOf\":{\"@id\":\"https:\\\/\\\/www.domspro.eu\\\/#website\"},\"datePublished\":\"2022-10-04T08:28:35+00:00\",\"dateModified\":\"2022-11-08T14:41:59+00:00\",\"description\":\"Consulte toute notre actualit\u00e9 : nouveaux produits, promotions exclusives, actions, informations ou cong\u00e9s\",\"breadcrumb\":{\"@id\":\"https:\\\/\\\/www.domspro.eu\\\/nieuws\\\/#breadcrumb\"},\"inLanguage\":\"fr-FR\",\"potentialAction\":[{\"@type\":\"ReadAction\",\"target\":[\"https:\\\/\\\/www.domspro.eu\\\/nieuws\\\/\"]}]},{\"@type\":\"BreadcrumbList\",\"@id\":\"https:\\\/\\\/www.domspro.eu\\\/nieuws\\\/#breadcrumb\",\"itemListElement\":[{\"@type\":\"ListItem\",\"position\":1,\"name\":\"Home\",\"item\":\"https:\\\/\\\/www.domspro.eu\\\/fr\\\/\"},{\"@type\":\"ListItem\",\"position\":2,\"name\":\"News\"}]},{\"@type\":\"WebSite\",\"@id\":\"https:\\\/\\\/www.domspro.eu\\\/#website\",\"url\":\"https:\\\/\\\/www.domspro.eu\\\/\",\"name\":\"DomsPro\",\"description\":\"Buitenaanleg voor de professional\",\"potentialAction\":[{\"@type\":\"SearchAction\",\"target\":{\"@type\":\"EntryPoint\",\"urlTemplate\":\"https:\\\/\\\/www.domspro.eu\\\/?s={search_term_string}\"},\"query-input\":{\"@type\":\"PropertyValueSpecification\",\"valueRequired\":true,\"valueName\":\"search_term_string\"}}],\"inLanguage\":\"fr-FR\"}]}<\/script>\n<!-- \/ Yoast SEO plugin. -->","yoast_head_json":{"title":"News | DomsPro","description":"Consulte toute notre actualit\u00e9 : nouveaux produits, promotions exclusives, actions, informations ou cong\u00e9s","robots":{"index":"index","follow":"follow","max-snippet":"max-snippet:-1","max-image-preview":"max-image-preview:large","max-video-preview":"max-video-preview:-1"},"canonical":"https:\/\/www.domspro.eu\/nieuws\/","og_locale":"fr_FR","og_type":"article","og_title":"News | DomsPro","og_description":"Consulte toute notre actualit\u00e9 : nouveaux produits, promotions exclusives, actions, informations ou cong\u00e9s","og_url":"https:\/\/www.domspro.eu\/nieuws\/","og_site_name":"DomsPro","article_modified_time":"2022-11-08T14:41:59+00:00","twitter_card":"summary_large_image","schema":{"@context":"https:\/\/schema.org","@graph":[{"@type":"WebPage","@id":"https:\/\/www.domspro.eu\/nieuws\/","url":"https:\/\/www.domspro.eu\/nieuws\/","name":"News | DomsPro","isPartOf":{"@id":"https:\/\/www.domspro.eu\/#website"},"datePublished":"2022-10-04T08:28:35+00:00","dateModified":"2022-11-08T14:41:59+00:00","description":"Consulte toute notre actualit\u00e9 : nouveaux produits, promotions exclusives, actions, informations ou cong\u00e9s","breadcrumb":{"@id":"https:\/\/www.domspro.eu\/nieuws\/#breadcrumb"},"inLanguage":"fr-FR","potentialAction":[{"@type":"ReadAction","target":["https:\/\/www.domspro.eu\/nieuws\/"]}]},{"@type":"BreadcrumbList","@id":"https:\/\/www.domspro.eu\/nieuws\/#breadcrumb","itemListElement":[{"@type":"ListItem","position":1,"name":"Home","item":"https:\/\/www.domspro.eu\/fr\/"},{"@type":"ListItem","position":2,"name":"News"}]},{"@type":"WebSite","@id":"https:\/\/www.domspro.eu\/#website","url":"https:\/\/www.domspro.eu\/","name":"DomsPro","description":"Buitenaanleg voor de professional","potentialAction":[{"@type":"SearchAction","target":{"@type":"EntryPoint","urlTemplate":"https:\/\/www.domspro.eu\/?s={search_term_string}"},"query-input":{"@type":"PropertyValueSpecification","valueRequired":true,"valueName":"search_term_string"}}],"inLanguage":"fr-FR"}]}},"_links":{"self":[{"href":"https:\/\/www.domspro.eu\/fr\/wp-json\/wp\/v2\/pages\/214","targetHints":{"allow":["GET"]}}],"collection":[{"href":"https:\/\/www.domspro.eu\/fr\/wp-json\/wp\/v2\/pages"}],"about":[{"href":"https:\/\/www.domspro.eu\/fr\/wp-json\/wp\/v2\/types\/page"}],"author":[{"embeddable":true,"href":"https:\/\/www.domspro.eu\/fr\/wp-json\/wp\/v2\/users\/1"}],"replies":[{"embeddable":true,"href":"https:\/\/www.domspro.eu\/fr\/wp-json\/wp\/v2\/comments?post=214"}],"version-history":[{"count":0,"href":"https:\/\/www.domspro.eu\/fr\/wp-json\/wp\/v2\/pages\/214\/revisions"}],"wp:attachment":[{"href":"https:\/\/www.domspro.eu\/fr\/wp-json\/wp\/v2\/media?parent=214"}],"curies":[{"name":"wp","href":"https:\/\/api.w.org\/{rel}","templated":true}]}}